{"id":437,"date":"2017-10-09T16:11:20","date_gmt":"2017-10-09T14:11:20","guid":{"rendered":"http:\/\/gdzielamymowiadobranoc.pl\/?page_id=437"},"modified":"2017-10-09T16:11:34","modified_gmt":"2017-10-09T14:11:34","slug":"lwy-morskie-i-pelikany","status":"publish","type":"page","link":"https:\/\/gdzielamymowiadobranoc.pl\/index.php\/dzieciosfera\/lwy-morskie-i-pelikany\/","title":{"rendered":"Lwy morskie i pelikany"},"content":{"rendered":"<p>LWY MORSKIE I PELIKANY<\/p>\n<p>Gdzie mo\u017cna spotka\u0107 lwa morskiego? Na niedost\u0119pnej wyspie po\u015brodku oceanu?\u00a0 Z\u0142a odpowied\u017a. Prawid\u0142owa to: na pla\u017cy, pod mostem. Tak naprawd\u0119 lwy morskie, kt\u00f3re spotkali\u015bmy zachowywa\u0142y si\u0119 jak zwyk\u0142e psy: bud\u0105 jest most, podw\u00f3rkiem pla\u017ca, a w\u0142a\u015bcicielamiu rybacy, kt\u00f3rzy dokarmiaj\u0105 je resztkami ryb.<\/p>\n<p><iframe loading=\"lazy\" title=\"Lwy morskie mieszkaj\u0105 pod mostem\" width=\"474\" height=\"267\" src=\"https:\/\/www.youtube.com\/embed\/TGSOC9UcN00?feature=oembed\" frameborder=\"0\" allow=\"accelerometer; autoplay; clipboard-write; encrypted-media; gyroscope; picture-in-picture; web-share\" referrerpolicy=\"strict-origin-when-cross-origin\" allowfullscreen><\/iframe><\/p>\n<p>Ale\u00a0 mi dobrze! Lwy morskie lubi\u0105 fale i wcale nie przeszkadza im, \u017ce woda ma ok. 10 stopni!<\/p>\n<p><iframe loading=\"lazy\" title=\"Ziewaj\u0105cy i ciesz\u0105cy si\u0119 falami lew morski\" width=\"474\" height=\"267\" src=\"https:\/\/www.youtube.com\/embed\/SKSaPgwIP5Q?feature=oembed\" frameborder=\"0\" allow=\"accelerometer; autoplay; clipboard-write; encrypted-media; gyroscope; picture-in-picture; web-share\" referrerpolicy=\"strict-origin-when-cross-origin\" allowfullscreen><\/iframe><\/p>\n<p>Uwaga zabawa! Dzieci przygotowa\u0107 si\u0119! Kto si\u0119 pierwszy poruszy? Wy czy pelikan? Rodzice, ustalcie z dzie\u0107mi nagrod\u0119 \ud83d\ude42<\/p>\n<p><iframe loading=\"lazy\" title=\"Kto si\u0119 pierwszy poruszy ten przegrywa\" width=\"474\" height=\"267\" src=\"https:\/\/www.youtube.com\/embed\/dzEiLkE7EAw?feature=oembed\" frameborder=\"0\" allow=\"accelerometer; autoplay; clipboard-write; encrypted-media; gyroscope; picture-in-picture; web-share\" referrerpolicy=\"strict-origin-when-cross-origin\" allowfullscreen><\/iframe><\/p>\n<p>Prawda, \u017ce pelikany s\u0105 ogromne?\u00a0 Jak zauwa\u017cy\u0142 Tomek, nasz synek, s\u0105 takie du\u017ce jak on, wi\u0119c nie ma si\u0119 czego ba\u0107.<\/p>\n<p>Lew morski w pi\u0119knym, lekkim stylu wybiega z fal morskich na pla\u017c\u0119:<\/p>\n<p><iframe loading=\"lazy\" title=\"Nasza gwiazda wychodzi na brzeg\" width=\"474\" height=\"267\" src=\"https:\/\/www.youtube.com\/embed\/elrrwQbCAVw?feature=oembed\" frameborder=\"0\" allow=\"accelerometer; autoplay; clipboard-write; encrypted-media; gyroscope; picture-in-picture; web-share\" referrerpolicy=\"strict-origin-when-cross-origin\" allowfullscreen><\/iframe><\/p>\n<p>Na zako\u0144czenie jeszcze lew morski machaj\u0105cy \u0142ap\u0105 i nurkuj\u0105cy:<\/p>\n<p><iframe loading=\"lazy\" title=\"Lew morski nurkuje\" width=\"474\" height=\"267\" src=\"https:\/\/www.youtube.com\/embed\/J6SWkjkaAjo?feature=oembed\" frameborder=\"0\" allow=\"accelerometer; autoplay; clipboard-write; encrypted-media; gyroscope; picture-in-picture; web-share\" referrerpolicy=\"strict-origin-when-cross-origin\" allowfullscreen><\/iframe><\/p>\n<p>&nbsp;<\/p>\n","protected":false},"excerpt":{"rendered":"<p>LWY MORSKIE I PELIKANY Gdzie mo\u017cna spotka\u0107 lwa morskiego? Na niedost\u0119pnej wyspie po\u015brodku oceanu?\u00a0 Z\u0142a odpowied\u017a. Prawid\u0142owa to: na pla\u017cy, pod mostem. Tak naprawd\u0119 lwy morskie, kt\u00f3re spotkali\u015bmy zachowywa\u0142y si\u0119 jak zwyk\u0142e psy: bud\u0105 jest most, podw\u00f3rkiem pla\u017ca, a w\u0142a\u015bcicielamiu rybacy, kt\u00f3rzy dokarmiaj\u0105 je resztkami ryb. Ale\u00a0 mi dobrze! Lwy morskie lubi\u0105 fale i wcale &hellip; <a href=\"https:\/\/gdzielamymowiadobranoc.pl\/index.php\/dzieciosfera\/lwy-morskie-i-pelikany\/\" class=\"more-link\">Czytaj dalej <span class=\"screen-reader-text\">Lwy morskie i pelikany<\/span> <span class=\"meta-nav\">&rarr;<\/span><\/a><\/p>\n","protected":false},"author":1,"featured_media":0,"parent":266,"menu_order":0,"comment_status":"closed","ping_status":"closed","template":"","meta":{"_monsterinsights_skip_tracking":false,"_monsterinsights_sitenote_active":false,"_monsterinsights_sitenote_note":"","_monsterinsights_sitenote_category":0,"footnotes":""},"class_list":["post-437","page","type-page","status-publish","hentry"],"yoast_head":"<!-- This site is optimized with the Yoast SEO plugin v17.5 - https:\/\/yoast.com\/wordpress\/plugins\/seo\/ -->\n<meta name=\"robots\" content=\"index, follow, max-snippet:-1, max-image-preview:large, max-video-preview:-1\" \/>\n<link rel=\"canonical\" href=\"https:\/\/gdzielamymowiadobranoc.pl\/index.php\/dzieciosfera\/lwy-morskie-i-pelikany\/\" \/>\n<meta property=\"og:locale\" content=\"pl_PL\" \/>\n<meta property=\"og:type\" content=\"article\" \/>\n<meta property=\"og:title\" content=\"Lwy morskie i pelikany - Gdzie lamy m\u00f3wi\u0105 dobranoc\" \/>\n<meta property=\"og:description\" content=\"LWY MORSKIE I PELIKANY Gdzie mo\u017cna spotka\u0107 lwa morskiego? Na niedost\u0119pnej wyspie po\u015brodku oceanu?\u00a0 Z\u0142a odpowied\u017a. Prawid\u0142owa to: na pla\u017cy, pod mostem. Tak naprawd\u0119 lwy morskie, kt\u00f3re spotkali\u015bmy zachowywa\u0142y si\u0119 jak zwyk\u0142e psy: bud\u0105 jest most, podw\u00f3rkiem pla\u017ca, a w\u0142a\u015bcicielamiu rybacy, kt\u00f3rzy dokarmiaj\u0105 je resztkami ryb. Ale\u00a0 mi dobrze! Lwy morskie lubi\u0105 fale i wcale &hellip; Czytaj dalej Lwy morskie i pelikany &rarr;\" \/>\n<meta property=\"og:url\" content=\"https:\/\/gdzielamymowiadobranoc.pl\/index.php\/dzieciosfera\/lwy-morskie-i-pelikany\/\" \/>\n<meta property=\"og:site_name\" content=\"Gdzie lamy m\u00f3wi\u0105 dobranoc\" \/>\n<meta property=\"article:modified_time\" content=\"2017-10-09T14:11:34+00:00\" \/>\n<meta name=\"twitter:card\" content=\"summary\" \/>\n<meta name=\"twitter:label1\" content=\"Szacowany czas czytania\" \/>\n\t<meta name=\"twitter:data1\" content=\"1 minuta\" \/>\n<script type=\"application\/ld+json\" class=\"yoast-schema-graph\">{\"@context\":\"https:\/\/schema.org\",\"@graph\":[{\"@type\":\"WebSite\",\"@id\":\"http:\/\/gdzielamymowiadobranoc.pl\/#website\",\"url\":\"http:\/\/gdzielamymowiadobranoc.pl\/\",\"name\":\"Gdzie lamy m\\u00f3wi\\u0105 dobranoc\",\"description\":\"czyli opowie\\u015bci z miejsc niezwyk\\u0142ych\",\"potentialAction\":[{\"@type\":\"SearchAction\",\"target\":{\"@type\":\"EntryPoint\",\"urlTemplate\":\"http:\/\/gdzielamymowiadobranoc.pl\/?s={search_term_string}\"},\"query-input\":\"required name=search_term_string\"}],\"inLanguage\":\"pl-PL\"},{\"@type\":\"WebPage\",\"@id\":\"https:\/\/gdzielamymowiadobranoc.pl\/index.php\/dzieciosfera\/lwy-morskie-i-pelikany\/#webpage\",\"url\":\"https:\/\/gdzielamymowiadobranoc.pl\/index.php\/dzieciosfera\/lwy-morskie-i-pelikany\/\",\"name\":\"Lwy morskie i pelikany - Gdzie lamy m\\u00f3wi\\u0105 dobranoc\",\"isPartOf\":{\"@id\":\"http:\/\/gdzielamymowiadobranoc.pl\/#website\"},\"datePublished\":\"2017-10-09T14:11:20+00:00\",\"dateModified\":\"2017-10-09T14:11:34+00:00\",\"breadcrumb\":{\"@id\":\"https:\/\/gdzielamymowiadobranoc.pl\/index.php\/dzieciosfera\/lwy-morskie-i-pelikany\/#breadcrumb\"},\"inLanguage\":\"pl-PL\",\"potentialAction\":[{\"@type\":\"ReadAction\",\"target\":[\"https:\/\/gdzielamymowiadobranoc.pl\/index.php\/dzieciosfera\/lwy-morskie-i-pelikany\/\"]}]},{\"@type\":\"BreadcrumbList\",\"@id\":\"https:\/\/gdzielamymowiadobranoc.pl\/index.php\/dzieciosfera\/lwy-morskie-i-pelikany\/#breadcrumb\",\"itemListElement\":[{\"@type\":\"ListItem\",\"position\":1,\"name\":\"Strona g\\u0142\\u00f3wna\",\"item\":\"http:\/\/gdzielamymowiadobranoc.pl\/\"},{\"@type\":\"ListItem\",\"position\":2,\"name\":\"Strefa dzieci\",\"item\":\"https:\/\/gdzielamymowiadobranoc.pl\/index.php\/dzieciosfera\/\"},{\"@type\":\"ListItem\",\"position\":3,\"name\":\"Lwy morskie i pelikany\"}]}]}<\/script>\n<!-- \/ Yoast SEO plugin. -->","yoast_head_json":{"robots":{"index":"index","follow":"follow","max-snippet":"max-snippet:-1","max-image-preview":"max-image-preview:large","max-video-preview":"max-video-preview:-1"},"canonical":"https:\/\/gdzielamymowiadobranoc.pl\/index.php\/dzieciosfera\/lwy-morskie-i-pelikany\/","og_locale":"pl_PL","og_type":"article","og_title":"Lwy morskie i pelikany - Gdzie lamy m\u00f3wi\u0105 dobranoc","og_description":"LWY MORSKIE I PELIKANY Gdzie mo\u017cna spotka\u0107 lwa morskiego? Na niedost\u0119pnej wyspie po\u015brodku oceanu?\u00a0 Z\u0142a odpowied\u017a. Prawid\u0142owa to: na pla\u017cy, pod mostem. Tak naprawd\u0119 lwy morskie, kt\u00f3re spotkali\u015bmy zachowywa\u0142y si\u0119 jak zwyk\u0142e psy: bud\u0105 jest most, podw\u00f3rkiem pla\u017ca, a w\u0142a\u015bcicielamiu rybacy, kt\u00f3rzy dokarmiaj\u0105 je resztkami ryb. Ale\u00a0 mi dobrze! Lwy morskie lubi\u0105 fale i wcale &hellip; Czytaj dalej Lwy morskie i pelikany &rarr;","og_url":"https:\/\/gdzielamymowiadobranoc.pl\/index.php\/dzieciosfera\/lwy-morskie-i-pelikany\/","og_site_name":"Gdzie lamy m\u00f3wi\u0105 dobranoc","article_modified_time":"2017-10-09T14:11:34+00:00","twitter_card":"summary","twitter_misc":{"Szacowany czas czytania":"1 minuta"},"schema":{"@context":"https:\/\/schema.org","@graph":[{"@type":"WebSite","@id":"http:\/\/gdzielamymowiadobranoc.pl\/#website","url":"http:\/\/gdzielamymowiadobranoc.pl\/","name":"Gdzie lamy m\u00f3wi\u0105 dobranoc","description":"czyli opowie\u015bci z miejsc niezwyk\u0142ych","potentialAction":[{"@type":"SearchAction","target":{"@type":"EntryPoint","urlTemplate":"http:\/\/gdzielamymowiadobranoc.pl\/?s={search_term_string}"},"query-input":"required name=search_term_string"}],"inLanguage":"pl-PL"},{"@type":"WebPage","@id":"https:\/\/gdzielamymowiadobranoc.pl\/index.php\/dzieciosfera\/lwy-morskie-i-pelikany\/#webpage","url":"https:\/\/gdzielamymowiadobranoc.pl\/index.php\/dzieciosfera\/lwy-morskie-i-pelikany\/","name":"Lwy morskie i pelikany - Gdzie lamy m\u00f3wi\u0105 dobranoc","isPartOf":{"@id":"http:\/\/gdzielamymowiadobranoc.pl\/#website"},"datePublished":"2017-10-09T14:11:20+00:00","dateModified":"2017-10-09T14:11:34+00:00","breadcrumb":{"@id":"https:\/\/gdzielamymowiadobranoc.pl\/index.php\/dzieciosfera\/lwy-morskie-i-pelikany\/#breadcrumb"},"inLanguage":"pl-PL","potentialAction":[{"@type":"ReadAction","target":["https:\/\/gdzielamymowiadobranoc.pl\/index.php\/dzieciosfera\/lwy-morskie-i-pelikany\/"]}]},{"@type":"BreadcrumbList","@id":"https:\/\/gdzielamymowiadobranoc.pl\/index.php\/dzieciosfera\/lwy-morskie-i-pelikany\/#breadcrumb","itemListElement":[{"@type":"ListItem","position":1,"name":"Strona g\u0142\u00f3wna","item":"http:\/\/gdzielamymowiadobranoc.pl\/"},{"@type":"ListItem","position":2,"name":"Strefa dzieci","item":"https:\/\/gdzielamymowiadobranoc.pl\/index.php\/dzieciosfera\/"},{"@type":"ListItem","position":3,"name":"Lwy morskie i pelikany"}]}]}},"_links":{"self":[{"href":"https:\/\/gdzielamymowiadobranoc.pl\/index.php\/wp-json\/wp\/v2\/pages\/437","targetHints":{"allow":["GET"]}}],"collection":[{"href":"https:\/\/gdzielamymowiadobranoc.pl\/index.php\/wp-json\/wp\/v2\/pages"}],"about":[{"href":"https:\/\/gdzielamymowiadobranoc.pl\/index.php\/wp-json\/wp\/v2\/types\/page"}],"author":[{"embeddable":true,"href":"https:\/\/gdzielamymowiadobranoc.pl\/index.php\/wp-json\/wp\/v2\/users\/1"}],"replies":[{"embeddable":true,"href":"https:\/\/gdzielamymowiadobranoc.pl\/index.php\/wp-json\/wp\/v2\/comments?post=437"}],"version-history":[{"count":1,"href":"https:\/\/gdzielamymowiadobranoc.pl\/index.php\/wp-json\/wp\/v2\/pages\/437\/revisions"}],"predecessor-version":[{"id":438,"href":"https:\/\/gdzielamymowiadobranoc.pl\/index.php\/wp-json\/wp\/v2\/pages\/437\/revisions\/438"}],"up":[{"embeddable":true,"href":"https:\/\/gdzielamymowiadobranoc.pl\/index.php\/wp-json\/wp\/v2\/pages\/266"}],"wp:attachment":[{"href":"https:\/\/gdzielamymowiadobranoc.pl\/index.php\/wp-json\/wp\/v2\/media?parent=437"}],"curies":[{"name":"wp","href":"https:\/\/api.w.org\/{rel}","templated":true}]}}